{"id":1845,"date":"2011-06-20T14:13:35","date_gmt":"2011-06-20T12:13:35","guid":{"rendered":"http:\/\/lemondeenstop.com\/questions-les-plus-frequentes-3\/"},"modified":"2019-05-01T12:10:47","modified_gmt":"2019-05-01T10:10:47","slug":"faq-apres-tour","status":"publish","type":"page","link":"https:\/\/exploring-beyond.com\/?page_id=1845","title":{"rendered":"FAQ Apr\u00e8s tour du monde"},"content":{"rendered":"<p>Depuis mon retour, de nombreuses questions m&rsquo;ont \u00e9t\u00e9 pos\u00e9es. Veuillez trouver ci-dessous certaines r\u00e9ponses \u00e0 ces questions et les liens pr\u00e9sentant les diff\u00e9rentes parties de la section \u00ab apr\u00e8s-tour \u00bb du site :<\/p>\n<p><!--more--><\/p>\n<p>[mks_accordion]<br \/>\n[mks_accordion_item title=\u00a0\u00bb<strong>01. As-tu sorti un livre r\u00e9sumant ton tour du monde en stop ?<\/strong>\u00ab\u00a0]<\/p>\n<div class=\"faq-content\">\n<p>Oui, le livre<em> \u00ab Le Monde en stop, 5 ann\u00e9es \u00e0 l&rsquo;\u00e9cole de la vie \u00bb<\/em> r\u00e9sumant mon tour du monde du monde est sorti en D\u00e9cembre 2009.<\/p>\n<p>\u00c9crire ce livre fut long et difficile. Sans doute plus difficile encore que boucler la grande boucle avec la seule aide de mon pouce et de ma personnalit\u00e9. Mes deux principales difficult\u00e9s furent la taille et le style. La taille, car il m&rsquo;a fallu r\u00e9duire le contenu de 1800 pages \u00e0 400 pages. Le style car on ne s&rsquo;improvise pas \u00e9crivain du jour au lendemain.<\/p>\n<p>Mais le b\u00e9b\u00e9 est n\u00e9, j&rsquo;en suis ravi. Ci-dessous sa couverture, la photo ayant \u00e9t\u00e9 prise au Tibet en plein c\u0153ur de la cha\u00eene de l&rsquo;Himalaya.<\/p>\n<p><a class=\"jcepopup\" title=\"Photo ayant \u00e9t\u00e9 prise au Tibet en plein c\u0153ur de la cha\u00eene de l\u2019Himalaya\" href=\"http:\/\/www.ludovichubler.com\/wp-content\/uploads\/couverturelivre2.jpg\" target=\"_blank\" rel=\"noopener noreferrer\" data-mediabox=\"title[Photo ayant \u00e9t\u00e9 prise au Tibet en plein c\u0153ur de la cha\u00eene de l\u2019Himalaya]\"><img loading=\"lazy\" decoding=\"async\" src=\"http:\/\/www.ludovichubler.com\/wp-content\/uploads\/couverturelivre2.jpg\" alt=\"Photo ayant \u00e9t\u00e9 prise au Tibet en plein c\u0153ur de la cha\u00eene de l\u2019Himalaya\" width=\"150\" height=\"235\" \/><\/a><\/p>\n<p>La soir\u00e9e de sortie officielle fut le 16 janvier 2010 \u00e0 Strasbourg. Peu apr\u00e8s, j&rsquo;ai eu le grand bonheur d&rsquo;apprendre que mon livre avait \u00e9t\u00e9 s\u00e9lectionn\u00e9 comme le laur\u00e9at du Prix Pierre Loti 2010, r\u00e9compensant le meilleur r\u00e9cit de voyage de l&rsquo;ann\u00e9e 2009. Ci-dessous, 3 photos de la remise du Prix par le Maire de la ville d&rsquo;Hendaye, membre du Jury et de la conf\u00e9rence donn\u00e9e juste apr\u00e8s.<\/p>\n<p><a class=\"jcepopup\" title=\"Remise du Prix Pierre Loti par le Maire de la ville d\u2019Hendaye\" href=\"http:\/\/www.ludovichubler.com\/wp-content\/uploads\/avecmaire.jpg\" target=\"_blank\" rel=\"noopener noreferrer\" data-mediabox=\"title[Remise du Prix Pierre Loti par le Maire de la ville d\u2019Hendaye]\"><img loading=\"lazy\" decoding=\"async\" src=\"http:\/\/www.ludovichubler.com\/wp-content\/uploads\/avecmaire.jpg\" alt=\"Remise du Prix Pierre Loti par le Maire de la ville d\u2019Hendaye\" width=\"196\" height=\"130\" \/><\/a><a class=\"jcepopup\" title=\"Remise du Prix Pierre Loti par le Maire de la ville d\u2019Hendaye\" href=\"http:\/\/dev.ludovichubler.com\/wp-content\/uploads\/confhendaye.jpg\" target=\"_blank\" rel=\"noopener noreferrer\" data-mediabox=\"title[Remise du Prix Pierre Loti par le Maire de la ville d\u2019Hendaye]\"><img loading=\"lazy\" decoding=\"async\" src=\"http:\/\/www.ludovichubler.com\/wp-content\/uploads\/confhendaye.jpg\" alt=\"Remise du Prix Pierre Loti par le Maire de la ville d\u2019Hendaye\" width=\"196\" height=\"130\" \/><\/a><a class=\"jcepopup\" title=\"Remise du Prix Pierre Loti par le Maire de la ville d\u2019Hendaye\" href=\"http:\/\/www.ludovichubler.com\/wp-content\/uploads\/prixpierreloti.jpg\" target=\"_blank\" rel=\"noopener noreferrer\" data-mediabox=\"title[Remise du Prix Pierre Loti par le Maire de la ville d\u2019Hendaye]\"><img loading=\"lazy\" decoding=\"async\" src=\"http:\/\/www.ludovichubler.com\/wp-content\/uploads\/prixpierreloti.jpg\" alt=\"Remise du Prix Pierre Loti par le Maire de la ville d\u2019Hendaye\" width=\"196\" height=\"130\" \/><\/a><\/p>\n<p>Ce livre fut par la suite traduit en plusieurs langues.<\/p>\n<p>Pour se procurer le livre, rendez-vous <a href=\"http:\/\/www.ludovichubler.com\/home-6\/auteur-2\/\">ici<\/a>.<\/p>\n<\/div>\n<p>[\/mks_accordion_item]<br \/>\n[mks_accordion_item title=\u00a0\u00bb<strong>02. As-tu r\u00e9alis\u00e9 un livre de photos ?<\/strong>\u00ab\u00a0]<br \/>\nJ&rsquo;ai pr\u00e9vu de faire un livre photo t\u00f4t ou tard mais il ne sera sans doute pas commercialis\u00e9.<br \/>\n[\/mks_accordion_item]<br \/>\n[mks_accordion_item title=\u00a0\u00bb<strong>03. As-tu r\u00e9alis\u00e9 un DVD r\u00e9sumant ton parcours en vid\u00e9o ?<\/strong>\u00ab\u00a0]<br \/>\nUn DVD de mon tour du monde sortira. J&rsquo;ai plusieurs centaines d&rsquo;heures de rush que j&rsquo;ai d\u00e9j\u00e0 r\u00e9sum\u00e9 en 7h. Il me faut avancer sur ce point. Suivez-moi sur ma <a href=\"http:\/\/www.facebook.com\/ludovichublerofficial\">page Facebook<\/a> pour \u00eatre tenu au courant.<br \/>\n[\/mks_accordion_item]<br \/>\n[mks_accordion_item title=\u00a0\u00bb<strong>04. Continues-tu \u00e0 donner des conf\u00e9rences ?<\/strong>\u00ab\u00a0]<br \/>\nOui, je continue \u00e0 r\u00e9guli\u00e8rement donner des conf\u00e9rences touchant \u00e0 mon tour du monde. Celles-ci peuvent prendre plusieurs formes. Plus de d\u00e9tails en <a href=\"http:\/\/www.ludovichubler.com\/home-6\/conferencier\/\">cliquant ici.<\/a><br \/>\n[\/mks_accordion_item]<br \/>\n[mks_accordion_item title=\u00a0\u00bb<strong>05. N\u2019est-il pas trop difficile d\u2019\u00eatre de retour en France, dans une vie de s\u00e9dentaire, apr\u00e8s cinq ann\u00e9es de vadrouille ? Et la r\u00e9habilitation ?<\/strong>\u00ab\u00a0]<\/p>\n<div class=\"faq-content\">\n<p>Cette question m&rsquo;a \u00e9t\u00e9 pos\u00e9e des milliers de fois, semblant refl\u00e9ter un r\u00e9el souci pour de nombreuses personnes. Nombre de gens me pr\u00e9disent m\u00eame un avenir d\u00e9primant, comme si \u00ab trop de bonheur pouvait tuer le bonheur \u00bb, comme si avoir \u00e9t\u00e9 trop heureux pendant une p\u00e9riode donn\u00e9e pouvait compromettre le bonheur \u00e0 venir. Je pense exactement le contraire : l&rsquo;audace et la soif de vivre pleinement s&rsquo;en retrouvent encore plus intenses aujourd&rsquo;hui.<\/p>\n<p>Mon tour du monde m&rsquo;a transform\u00e9. Il m&rsquo;a permis d&rsquo;attiser ma curiosit\u00e9, mon ouverture d&rsquo;esprit, de briser autant de certitudes que d&rsquo;id\u00e9es pr\u00e9con\u00e7ues. Il a aussi contribu\u00e9 \u00e0 rendre ma vie plus int\u00e9ressante qu&rsquo;avant, me permettant de d\u00e9velopper une grande empathie.<\/p>\n<p>Lorsque je regarde le journal de TF1, je peux aujourd&rsquo;hui regarder au-del\u00e0 des simples images de catastrophes et comprendre bien mieux les tenants et aboutissants de chaque histoire et la vie locale des endroits pr\u00e9sent\u00e9s. Lorsque je lis des articles de presse sur un pays dans lequel je me suis rendu, je peux \u00e0 pr\u00e9sent lire entre les lignes, avoir instantan\u00e9ment des images et des t\u00e9moignages qui me reviennent en t\u00eate. De nombreuses passions sont n\u00e9es au cours de ce voyage. J&rsquo;ai aujourd&rsquo;hui envie de regarder des centaines de documentaires et lire des milliers de livres sur le monde&#8230;<\/p>\n<p>Non, mon retour ne va pas rimer avec d\u00e9prime, c&rsquo;est une certitude. Je suis aujourd&rsquo;hui en accord avec moi-m\u00eame et il n&rsquo;y a rien de plus important. Je voulais faire ce tour du monde en stop, je l&rsquo;ai fait et j&rsquo;en suis aujourd&rsquo;hui tr\u00e8s heureux. J&rsquo;ai toujours consid\u00e9r\u00e9 ce tour du monde comme une \u00e9tape n\u00e9cessaire de ma vie entre la fin de mes \u00e9tudes et le d\u00e9but de ma vie professionnelle. Je pensais qu&rsquo;elle allait durer deux ans, elle en a dur\u00e9 cinq. Cela ne change finalement pas grand-chose. Il me reste d\u00e9sormais \u00e0 tourner la page du tour du monde et construire une nouvelle \u00e9tape de ma vie que ce soit au niveau personnel ou professionnel, en restant impr\u00e9gn\u00e9 par tous ces Hommes rencontr\u00e9s pendant toutes ces ann\u00e9es, qui m&rsquo;ont influenc\u00e9 et inspir\u00e9.<\/p>\n<p>Pour ce qui est du s\u00e9dentarisme et de la r\u00e9adaptation \u00e0 la vie fran\u00e7aise, \u00e7a ne pose pas davantage de probl\u00e8mes. Pendant cinq ans, mon voyage a \u00e9t\u00e9 une adaptation constante \u00e0 l&rsquo;environnement, aux gens, aux religions, aux coutumes. Ce n&rsquo;\u00e9tait plus un p\u00e9riple mais un style de vie. Me r\u00e9adapter \u00e0 mon style de vie original et \u00e0 ma propre culture n&rsquo;est absolument pas insurmontable.<\/p>\n<p>J&rsquo;aime dire que ce tour du monde m&rsquo;a permis d&rsquo;aller sur la lune, de voir le monde et l&rsquo;humanit\u00e9 avec plus de recul et de hauteur apprenant \u00e0 voir la plan\u00e8te sans les fronti\u00e8res s\u00e9parant les peuples. Ci-dessous, un dessin de Jean-Christophe Balandras m&rsquo;illustrant sur la lune \u00e0 regarder la terre&#8230;<\/p>\n<p><a class=\"jcepopup\" title=\"un dessin de Jean-Christophe Balandras m'illustrant sur la lune \u00e0 regarder la terre\" href=\"http:\/\/dev.ludovichubler.com\/wp-content\/uploads\/terredepuislune.jpg\" target=\"_blank\" rel=\"noopener noreferrer\" data-mediabox=\"title[un dessin de Jean-Christophe Balandras m'illustrant sur la lune \u00e0 regarder la terre]\"><img loading=\"lazy\" decoding=\"async\" src=\"http:\/\/www.ludovichubler.com\/wp-content\/uploads\/terredepuislune.jpg\" alt=\"un dessin de Jean-Christophe Balandras m'illustrant sur la lune \u00e0 regarder la terre\" width=\"140\" height=\"200\" \/><\/a><\/p>\n<\/div>\n<p>[\/mks_accordion_item]<br \/>\n[mks_accordion_item title=\u00a0\u00bb<strong>06. Et maintenant ? Que fais-tu ?<\/strong>\u00ab\u00a0]<\/p>\n<div class=\"faq-content\">\n<p>Selon les lois de la biologie, je ne suis parvenu qu&rsquo;au tiers du voyage de la vie. Avec chance, les deux tiers restants seront aussi intenses et heureux que le premier.<\/p>\n<p>J&rsquo;ai aujourd&rsquo;hui deux dipl\u00f4mes. Un master en commerce international et un doctorat en \u00ab auto-bateau-stop \u00bb international. On me demande parfois lequel de ces deux dipl\u00f4mes va m&rsquo;\u00eatre le plus utile dans la vie. Ma r\u00e9ponse est tr\u00e8s claire : les deux. L&rsquo;\u00e9cole du voyage, aussi bonne soit-elle, ne peut remplacer celle de l&rsquo;universit\u00e9. Les deux sont absolument compl\u00e9mentaires. La premi\u00e8re m&rsquo;a donn\u00e9 les bases pour avoir un regard \u00e9duqu\u00e9 sur le monde. La deuxi\u00e8me m&rsquo;a permis de croiser la route de rats, de l\u00e9preux, de clochards, de gens tr\u00e8s riches, d&rsquo;indig\u00e8nes et d&rsquo;avoir une autre vision du monde.<\/p>\n<p>Je pense avoir aujourd&rsquo;hui termin\u00e9 un cycle de ma vie. \u00c0 pr\u00e9sent, il convient de se tourner vers l&rsquo;avenir. Un avenir qui ne manquera pas d&rsquo;\u00eatre prometteur tant les projets venant visiter mon esprit fougueux sont nombreux.<\/p>\n<p>Au niveau personnel, je suis \u00e0 pr\u00e9sent mari\u00e9 avec Marisol. Elle est mon rayon de soleil quotidien, mon voyage permanent, une source de bonheur formidable&#8230; Elle fut mon premier supporter dans l&rsquo;\u00e9criture de ce livre. C&rsquo;est \u00e0 pr\u00e9sent une toute nouvelle aventure qui d\u00e9bute \u00e0 ses c\u00f4t\u00e9s&#8230; Je suis aujourd\u2019hui p\u00e8re de 2 enfants \u00e0 qui je cherche \u00e0 transmettre l&rsquo;envie d&rsquo;apprendre \u00e0 regarder, \u00e0 \u00e9couter, \u00e0 \u00eatre curieux. De conna\u00eetre la plan\u00e8te pour mieux la respecter et y trouver sa place.<\/p>\n<p><a class=\"jcepopup\" title=\"Mariage religieux sur la plage au Panama le 6 f\u00e9vrier 2010\" href=\"http:\/\/dev.ludovichubler.com\/wp-content\/uploads\/mariagereligieux14.jpg\" target=\"_blank\" rel=\"noopener noreferrer\" data-mediabox=\"title[Mariage religieux sur la plage au Panama le 6 f\u00e9vrier 2010]\"><img loading=\"lazy\" decoding=\"async\" src=\"http:\/\/www.ludovichubler.com\/wp-content\/uploads\/mariagereligieux14.jpg\" alt=\"mariagereligieux14\" width=\"225\" height=\"150\" \/><\/a><a class=\"jcepopup\" title=\"Mariage religieux sur la plage au Panama le 6 f\u00e9vrier 2010\" href=\"http:\/\/www.ludovichubler.com\/wp-content\/uploads\/mariagereligieux1.jpg\" target=\"_blank\" rel=\"noopener noreferrer\" data-mediabox=\"title[Mariage religieux sur la plage au Panama le 6 f\u00e9vrier 2010]\"><img loading=\"lazy\" decoding=\"async\" src=\"http:\/\/www.ludovichubler.com\/wp-content\/uploads\/mariagereligieux1.jpg\" alt=\"Mariage religieux sur la plage au Panama le 6 f\u00e9vrier 2010\" width=\"225\" height=\"150\" \/><\/a><\/p>\n<p><a href=\"http:\/\/www.ludovichubler.com\/home-6\/biographie-ludovic-hubler\/vie-de-famille-2\/\">Plus de d\u00e9tails sur ma vie personnelle apr\u00e8s tour en cliquant ici.<\/a><\/p>\n<p>Au niveau professionnel, mon p\u00e9riple m&rsquo;a permis de d\u00e9couvrir les nombreuses possibilit\u00e9s et opportunit\u00e9s qu&rsquo;offrait la vie. Contrairement \u00e0 ce que me pr\u00e9disaient de nombreux oiseaux de mauvais augure avant mon d\u00e9part, trouver un moyen de gagner ma vie n&rsquo;est en rien insurmontable malgr\u00e9 cinq ans de vadrouille. Tout est question d&rsquo;\u00e9tat d&rsquo;esprit et de volont\u00e9&#8230; Apr\u00e8s avoir travaill\u00e9 pour l&rsquo;organisation <a href=\"http:\/\/www.peace-sport.org\">Peace and Sport<\/a>, bas\u00e9e \u00e0 Monaco, sous le haut patronage de S.A.S. le Prince Albert II de Monaco entre 2009 et 2014, j\u2019ai lanc\u00e9 l\u2019organisation Travel With A Mission (TWAM). Plus de d\u00e9tails <a href=\"http:\/\/www.travelwithamission.org\/fr\">ici<\/a>.<\/p>\n<\/div>\n<p>[\/mks_accordion_item]<br \/>\n[mks_accordion_item title=\u00a0\u00bb<strong>07. Vas-tu continuer \u00e0 faire du stop maintenant que ton tour du monde est termin\u00e9 ?<\/strong>\u00ab\u00a0]<br \/>\nIl y a un temps pour tout. La roue doit tourner. Pour \u00eatre tout \u00e0 fait honn\u00eate, cinq ann\u00e9es de stop m&rsquo;ont fatigu\u00e9 et je ne compte pas utiliser ce moyen de transport au quotidien pour me rendre \u00e0 mes rendez-vous. Cependant, si le besoin devait se faire sentir, je ressortirais mon pouce \u00e0 la premi\u00e8re occasion avec le plus grand plaisir.<br \/>\n[\/mks_accordion_item]<br \/>\n[mks_accordion_item title=\u00a0\u00bb<strong>08. Prendras-tu des auto-stoppeurs ?<\/strong>\u00ab\u00a0]<br \/>\nAu cours de mes cinq ann\u00e9es de voyage, il fut primordial pour moi de toujours rester propre, respectueux et poli lorsque je faisais du stop. Si un auto-stoppeur, remplissant ces conditions, devait se tenir au bord de la route ou dans une station, je le prendrais bien entendu volontiers \u00e0 mes c\u00f4t\u00e9s&#8230;<br \/>\n[\/mks_accordion_item]<br \/>\n[mks_accordion_item title=\u00a0\u00bb<strong>09. Crois-tu que l\u2019auto-stop puisse revenir \u00e0 la mode avec le prix \u00e9lev\u00e9 de l\u2019essence et les probl\u00e8mes environnementaux ?<\/strong>\u00ab\u00a0]<br \/>\nAu 1er janvier 2008, j&rsquo;aurais r\u00e9pondu n\u00e9gativement \u00e0 cette question pour la simple et bonne raison que je n&rsquo;ai rencontr\u00e9 pendant mon tour du monde que tr\u00e8s peu d&rsquo;auto-stoppeurs sur les routes et que je n&rsquo;ai pas v\u00e9ritablement ressenti une renaissance de ce moyen de transport. Cependant, le 8 ao\u00fbt 2008, j&rsquo;ai particip\u00e9 au premier rassemblement des auto-stoppeurs d&rsquo;Europe \u00e0 Paris (projet 888). Ce jour-l\u00e0, j&rsquo;ai d\u00e9couvert qu&rsquo;une nouvelle g\u00e9n\u00e9ration d&rsquo;auto-stoppeurs \u00e9tait en train de na\u00eetre. Une g\u00e9n\u00e9ration de jeunes souvent \u00e9duqu\u00e9s, loin du type hippy n\u00e9glig\u00e9. Depuis ce jour, mon espoir de voir le stop revenir \u00e0 la mode est mont\u00e9 en fl\u00e8che&#8230; Dans tous les cas, j&rsquo;esp\u00e8re sinc\u00e8rement que ce moyen de transport pourra trouver un nouveau souffle et redevenir un moyen de transport fr\u00e9quemment utilis\u00e9. Puisse le livre \u00e9crit et mon exp\u00e9rience contribuer \u00e0 pousser des jeunes et moins jeunes \u00e0 franchir le pas&#8230; Si je me suis lanc\u00e9 dans la refonte compl\u00e8te de ce site et l&rsquo;\u00e9criture du livre, c&rsquo;est en partie pour montrer que cela est faisable&#8230;<br \/>\n[\/mks_accordion_item]<br \/>\n[mks_accordion_item title=\u00a0\u00bb<strong>10. Continueras-tu \u00e0 utiliser les sites Hospitality Club et Couchsurfing ?<\/strong>\u00ab\u00a0]<br \/>\nJe suis aujourd&rsquo;hui ambassadeur de ces deux sites que je trouve fabuleux. \u00c9tant \u00e0 pr\u00e9sent s\u00e9dentaire, j&rsquo;ai chang\u00e9 mon profil pour dor\u00e9navant recevoir des invit\u00e9s. Comme pour l&rsquo;auto-stop, la roue doit tourner. Depuis mon retour, de nombreux voyageurs m&rsquo;ont d\u00e9j\u00e0 fait voyager par procuration&#8230;<br \/>\n[\/mks_accordion_item]<br \/>\n[mks_accordion_item title=\u00a0\u00bb<strong>11. Gardes-tu contact avec tous les gens rencontr\u00e9s sur la route ?<\/strong>\u00ab\u00a0]<br \/>\nMon tour du monde m&rsquo;a permis de rencontrer plusieurs milliers de personnes. Garder contact personnellement avec chacun d&rsquo;entre eux n&rsquo;est pas possible \u00e0 moins d&#8217;embaucher une secr\u00e9taire. Cependant, au cours du p\u00e9riple, j&rsquo;avais une liste de diffusion qui me permettait de partager r\u00e9guli\u00e8rement les al\u00e9as de mon voyage. J&rsquo;ai toutefois gard\u00e9 de nombreux amis \u00e0 travers la plan\u00e8te que j&rsquo;esp\u00e8re revoir au plus vite.<br \/>\n[\/mks_accordion_item]<br \/>\n[mks_accordion_item title=\u00a0\u00bb<strong>12. Comment vois-tu la France apr\u00e8s cinq ann\u00e9es sur les routes du monde ? L\u2019as-tu trouv\u00e9e chang\u00e9e ?<\/strong>\u00ab\u00a0]<\/p>\n<div class=\"faq-content\">\n<p><strong>(Derni\u00e8re MAJ : 2010)<br \/>\n<\/strong><\/p>\n<p>Ma plong\u00e9e dans les arcanes du monde m&rsquo;a aussi permis de prendre conscience de la chance que j&rsquo;ai d&rsquo;habiter dans l&rsquo;Hexagone. Ma passion du voyage et de la d\u00e9couverte ne saurait traduire un quelconque rejet de mon pays. Bien au contraire, ce tour du monde fut une fabuleuse occasion pour prendre du recul et voir mon pays sous un nouveau jour. Une des le\u00e7ons du voyage, c&rsquo;est qu&rsquo;il vous apprend \u00e0 mieux regarder, \u00e0 mieux go\u00fbter votre propre pays. Climat social, nourriture, \u00e9ducation, infrastructures&#8230; tout semble s&rsquo;additionner pour assurer l&rsquo;\u00e9quilibre d&rsquo;un pays o\u00f9 il fait bon vivre, malgr\u00e9 un nombre alarmant de gr\u00e8ves et manifestations en tous genres et un assistanat bien trop important \u00e0 mon go\u00fbt. J&rsquo;ai pu mesurer pendant toutes ces ann\u00e9es \u00e0 quel point mon pays repr\u00e9sente un v\u00e9ritable eldorado pour des millions d&rsquo;hommes et de femmes. J&rsquo;ai crois\u00e9 tant de personnes r\u00eavant de vivre en France, \u00ab le pays des libert\u00e9s et des droits de l&rsquo;homme \u00bb. \u00c0 la seule \u00e9vocation de mon pays, le regard de certains \u00e9trangers s&rsquo;illuminait. Le simple fait d&rsquo;avoir un passeport fran\u00e7ais rel\u00e8ve souvent d&rsquo;un privil\u00e8ge. Il constitue un v\u00e9ritable s\u00e9same pour voyager quasiment dans le monde entier sans entraves. Je suis bien conscient que si ce pari de faire le tour du monde sans d\u00e9penser un centime de transport a \u00e9t\u00e9 gagn\u00e9, c&rsquo;est aussi d\u00fb \u00e0 ma nationalit\u00e9. Pour les habitants de nombreux pays, passer les fronti\u00e8res rel\u00e8ve de l&rsquo;impossible. Au niveau des conf\u00e9rences, le statut de la France, trait d&rsquo;union entre l&rsquo;Est et l&rsquo;Ouest, m&rsquo;a \u00e9galement beaucoup aid\u00e9. Sans doute aurait-il \u00e9t\u00e9 plus difficile de faire ces conf\u00e9rences avec un passeport am\u00e9ricain&#8230;<\/p>\n<p>Oui, la France a chang\u00e9 entre 2003 et 2008. Elle s&rsquo;est m\u00eame transform\u00e9e. Je retrouve aujourd&rsquo;hui un pays dans lequel les supermarch\u00e9s mettent \u00e0 pr\u00e9sent en avant les produits du commerce \u00e9quitable et oblige les clients \u00e0 apporter leurs sacs plut\u00f4t que d&rsquo;utiliser des sacs plastiques jetables et polluants. Un pays o\u00f9 les habitants trient dor\u00e9navant leurs d\u00e9chets dans de toutes nouvelles poubelles bleues et jaunes, invisibles auparavant. Un pays o\u00f9 la moiti\u00e9 des publicit\u00e9s \u00e0 la t\u00e9l\u00e9vision traite du respect de l&rsquo;environnement. Un pays o\u00f9 le gouvernement a mis en place un Grenelle de l&rsquo;Environnement ambitieux&#8230; Certes, le chemin \u00e0 parcourir est long avant d&rsquo;aboutir \u00e0 des changements significatifs mais force est de constater que le changement est net entre l&rsquo;avant 2003 et l&rsquo;apr\u00e8s 2008&#8230; Puisse la prise de conscience continuer et les actions se d\u00e9multiplier&#8230;<\/p>\n<\/div>\n<p>[\/mks_accordion_item]<br \/>\n[\/mks_accordion]<\/p>\n<p>&nbsp;<\/p>\n","protected":false},"excerpt":{"rendered":"<p>Depuis mon retour, de nombreuses questions m&rsquo;ont \u00e9t\u00e9 pos\u00e9es. Veuillez trouver ci-dessous certaines r\u00e9ponses \u00e0 ces questions et les liens pr\u00e9sentant les diff\u00e9rentes parties de la section \u00ab apr\u00e8s-tour \u00bb du site :<\/p>\n","protected":false},"author":1,"featured_media":12311,"parent":6143,"menu_order":1,"comment_status":"open","ping_status":"closed","template":"","meta":{"footnotes":""},"class_list":["post-1845","page","type-page","status-publish","has-post-thumbnail","hentry"],"_links":{"self":[{"href":"https:\/\/exploring-beyond.com\/index.php?rest_route=\/wp\/v2\/pages\/1845","targetHints":{"allow":["GET"]}}],"collection":[{"href":"https:\/\/exploring-beyond.com\/index.php?rest_route=\/wp\/v2\/pages"}],"about":[{"href":"https:\/\/exploring-beyond.com\/index.php?rest_route=\/wp\/v2\/types\/page"}],"author":[{"embeddable":true,"href":"https:\/\/exploring-beyond.com\/index.php?rest_route=\/wp\/v2\/users\/1"}],"replies":[{"embeddable":true,"href":"https:\/\/exploring-beyond.com\/index.php?rest_route=%2Fwp%2Fv2%2Fcomments&post=1845"}],"version-history":[{"count":3,"href":"https:\/\/exploring-beyond.com\/index.php?rest_route=\/wp\/v2\/pages\/1845\/revisions"}],"predecessor-version":[{"id":16126,"href":"https:\/\/exploring-beyond.com\/index.php?rest_route=\/wp\/v2\/pages\/1845\/revisions\/16126"}],"up":[{"embeddable":true,"href":"https:\/\/exploring-beyond.com\/index.php?rest_route=\/wp\/v2\/pages\/6143"}],"wp:featuredmedia":[{"embeddable":true,"href":"https:\/\/exploring-beyond.com\/index.php?rest_route=\/wp\/v2\/media\/12311"}],"wp:attachment":[{"href":"https:\/\/exploring-beyond.com\/index.php?rest_route=%2Fwp%2Fv2%2Fmedia&parent=1845"}],"curies":[{"name":"wp","href":"https:\/\/api.w.org\/{rel}","templated":true}]}}